{"id":4599,"date":"2019-08-08T12:32:33","date_gmt":"2019-08-08T10:32:33","guid":{"rendered":"https:\/\/missionlocale-innovam.fr\/?page_id=4599"},"modified":"2023-07-05T11:52:02","modified_gmt":"2023-07-05T09:52:02","slug":"4599-2","status":"publish","type":"page","link":"https:\/\/missionlocale-innovam.fr\/index.php\/4599-2\/","title":{"rendered":"Des pistes pour votre recherche"},"content":{"rendered":"\n<div style=\"height:20px\" aria-hidden=\"true\" class=\"wp-block-spacer\"><\/div>\n\n\n\n<h4 class=\"wp-block-heading has-text-color\" style=\"color:#01b6c9\"><strong>CHU (Centres d\u2019H\u00e9bergement d&rsquo;Urgence)<\/strong><\/h4>\n\n\n\n<p><strong>H\u00e9bergement collectif de courte dur\u00e9e (1 jours \u00e0 1 mois)<\/strong><br><strong>Accessible par un N\u00b0 de t\u00e9l\u00e9phone unique : 115<\/strong><\/p>\n\n\n\n<hr class=\"wp-block-separator has-text-color has-alpha-channel-opacity has-background is-style-wide\" style=\"background-color:#01b6c9;color:#01b6c9\"\/>\n\n\n\n<h4 class=\"wp-block-heading has-text-color\" style=\"color:#01b6c9\"><strong>Foyers de jeunes travailleurs<\/strong><\/h4>\n\n\n\n<p class=\"has-boulder-color has-text-color\"><a href=\"https:\/\/agefo.com\/residences-jeunes-actifs-ile-de-france\">R\u00e9sidence jeunes : AGEFO Paris 15 et banlieue Ouest<\/a><\/p>\n\n\n\n<p class=\"has-boulder-color has-text-color\"><a href=\"http:\/\/www.aljt.com\/\">R\u00e9sidence jeunes : ALJT<\/a><\/p>\n\n\n\n<p class=\"has-boulder-color has-text-color\"><a href=\"https:\/\/www.arpej.fr\/fr\/\">R\u00e9sidence jeunes : ARPEJ<\/a><\/p>\n\n\n\n<p class=\"has-boulder-color has-text-color\"><a href=\"http:\/\/www.cljt.com\/cljt\/rubrique.php3?id_rubrique=23\">R\u00e9sidence jeunes : CLJT<\/a><\/p>\n\n\n\n<p class=\"has-boulder-color has-text-color\"><a href=\"http:\/\/www.espacil.com\/Louer\/Residences-pour-etudiants-et-jeunes-actifs\">R\u00e9sidence jeunes : ESPACIL<\/a><\/p>\n\n\n\n<p class=\"has-boulder-color has-text-color\"><a href=\"https:\/\/www.fac-habitat.com\/fr\/residences-etudiantes\/id-58-mis-pour-jeunes-actifs\">R\u00e9sidence jeunes : MIS pour jeunes actifs Paris<\/a><\/p>\n\n\n\n<p class=\"has-boulder-color has-text-color\"><a href=\"http:\/\/www.residencesparme.fr\/nos-residences\/\">R\u00e9sidence jeunes : PARME<\/a><\/p>\n\n\n\n<p class=\"has-boulder-color has-text-color\"><a href=\"http:\/\/www.residetapes.fr\/\">R\u00e9sidence jeunes : R\u00c9SID\u00c9TAPES<\/a><\/p>\n\n\n\n<p class=\"has-boulder-color has-text-color\"><a href=\"http:\/\/www.logement-jeunes.unhaj.org\/index.php?id=19\">R\u00e9sidence jeunes : UNHAJ<\/a><\/p>\n\n\n\n<hr class=\"wp-block-separator has-text-color has-alpha-channel-opacity has-background is-style-wide\" style=\"background-color:#01b6c9;color:#01b6c9\"\/>\n\n\n\n<h4 class=\"wp-block-heading has-text-color\" style=\"color:#01b6c9\"><strong>Logement \u00e9tudiant<\/strong><\/h4>\n\n\n\n<p><a href=\"http:\/\/www.adele.org\">www.adele.org<\/a><br><a href=\"http:\/\/www.leclubetudiant.com\">www.leclubetudiant.com<\/a><br><a href=\"http:\/\/www.estudines.fr\">www.estudines.fr<\/a><br><a href=\"http:\/\/www.fac-habitat.com\">www.fac-habitat.com<\/a><br><a href=\"http:\/\/www.crous-paris.fr\">www.crous-paris.fr<\/a><br><a href=\"http:\/\/www.crous-creteil.fr\">www.crous-creteil.fr<\/a><br><a href=\"http:\/\/www.crous-versailles.fr\">www.crous-versailles.fr<\/a><br><a rel=\"noreferrer noopener\" href=\"http:\/\/www.residenceetudiante.fr\/\" target=\"_blank\">www.residenceetudiante.fr<\/a><\/p>\n\n\n\n<hr class=\"wp-block-separator has-text-color has-alpha-channel-opacity has-background is-style-wide\" style=\"background-color:#01b6c9;color:#01b6c9\"\/>\n\n\n\n<h4 class=\"wp-block-heading has-text-color\" style=\"color:#01b6c9\"><strong>La recherche de logement autonome (annonces immobili\u00e8res en ligne)<\/strong><\/h4>\n\n\n\n<p><a href=\"http:\/\/www.leboncoin.fr\">www.leboncoin.fr<\/a><br><a href=\"http:\/\/www.pap.fr\">www.pap.fr<\/a><br><a href=\"http:\/\/www.entreparticuliers.com\">www.entreparticuliers.com<\/a><br><a href=\"http:\/\/www.seloger.com\">www.seloger.com<\/a><br><a href=\"http:\/\/www.lefigaro.fr\/immobilier\/\">www.lefigaro.fr\/immobilier\/<\/a><br><a href=\"http:\/\/www.fnaim.fr\">www.fnaim.fr<\/a> (offres provenant d\u2019agences immobili\u00e8res)<br><a href=\"http:\/\/www.gratissimo.com\">www.gratissimo.com<\/a><br><a href=\"http:\/\/www.appartement.org\">www.appartement.org<\/a><br><a href=\"http:\/\/www.aparapar.com\">www.aparapar.com<\/a><\/p>\n\n\n\n<hr class=\"wp-block-separator has-text-color has-alpha-channel-opacity has-background is-style-wide\" style=\"background-color:#01b6c9;color:#01b6c9\"\/>\n\n\n\n<h4 class=\"wp-block-heading has-text-color\" style=\"color:#01b6c9\"><strong>Colocation<\/strong><\/h4>\n\n\n\n<p><a href=\"http:\/\/www.colocation.fr\">www.colocation.fr<\/a><br><a href=\"http:\/\/www.portail-colocation.com\">www.portail-colocation.com<\/a><br><a href=\"http:\/\/www.easycoloc.com\">www.easycoloc.com<\/a><br><a href=\"http:\/\/www.appartement.org\">www.appartement.org<\/a><br><a href=\"http:\/\/www.seloger.com\">www.seloger.com<\/a><br><a href=\"http:\/\/www.recherche-colocation.com\">www.recherche-colocation.com<\/a><br><a href=\"http:\/\/www.mapiaule.com\">www.mapiaule.com<\/a><br><a href=\"http:\/\/www.capcampus.com\">www.capcampus.com<\/a><\/p>\n\n\n\n<hr class=\"wp-block-separator has-text-color has-alpha-channel-opacity has-background is-style-wide\" style=\"background-color:#01b6c9;color:#01b6c9\"\/>\n\n\n\n<h4 class=\"wp-block-heading has-text-color\" style=\"color:#01b6c9\"><strong>Offices HLM Liste des principaux offices HLM&nbsp;<\/strong><\/h4>\n\n\n\n<p><a href=\"http:\/\/union-habitat.org\/\">http:\/\/union-habitat.org\/<\/a><\/p>\n\n\n\n<hr class=\"wp-block-separator has-text-color has-alpha-channel-opacity has-background is-style-wide\" style=\"background-color:#01b6c9;color:#01b6c9\"\/>\n\n\n\n<h4 class=\"wp-block-heading has-text-color\" style=\"color:#01b6c9\"><strong>Informations logement<\/strong><\/h4>\n\n\n\n<p><a href=\"http:\/\/www.anil.org\">www.anil.org<\/a> (infos g\u00e9n\u00e9rales)<br><a href=\"http:\/\/www.caf.fr\">www.caf.fr <\/a>(toutes les aides au logement de la Caisse d\u2019Allocations Familiales)<\/p>\n","protected":false},"excerpt":{"rendered":"<p>CHU (Centres d\u2019H\u00e9bergement d&rsquo;Urgence) H\u00e9bergement collectif de courte dur\u00e9e (1 jours \u00e0 1 mois)Accessible par un N\u00b0 de t\u00e9l\u00e9phone unique : 115 Foyers de jeunes travailleurs R\u00e9sidence jeunes : AGEFO Paris 15 et banlieue Ouest R\u00e9sidence jeunes : ALJT R\u00e9sidence jeunes : ARPEJ R\u00e9sidence jeunes : CLJT R\u00e9sidence jeunes : [&hellip;]<\/p>\n","protected":false},"author":1,"featured_media":0,"parent":0,"menu_order":0,"comment_status":"closed","ping_status":"closed","template":"page-with-sidebar","meta":{"_themeisle_gutenberg_block_has_review":false,"footnotes":""},"class_list":["post-4599","page","type-page","status-publish","hentry"],"_links":{"self":[{"href":"https:\/\/missionlocale-innovam.fr\/index.php\/wp-json\/wp\/v2\/pages\/4599","targetHints":{"allow":["GET"]}}],"collection":[{"href":"https:\/\/missionlocale-innovam.fr\/index.php\/wp-json\/wp\/v2\/pages"}],"about":[{"href":"https:\/\/missionlocale-innovam.fr\/index.php\/wp-json\/wp\/v2\/types\/page"}],"author":[{"embeddable":true,"href":"https:\/\/missionlocale-innovam.fr\/index.php\/wp-json\/wp\/v2\/users\/1"}],"replies":[{"embeddable":true,"href":"https:\/\/missionlocale-innovam.fr\/index.php\/wp-json\/wp\/v2\/comments?post=4599"}],"version-history":[{"count":39,"href":"https:\/\/missionlocale-innovam.fr\/index.php\/wp-json\/wp\/v2\/pages\/4599\/revisions"}],"predecessor-version":[{"id":8387,"href":"https:\/\/missionlocale-innovam.fr\/index.php\/wp-json\/wp\/v2\/pages\/4599\/revisions\/8387"}],"wp:attachment":[{"href":"https:\/\/missionlocale-innovam.fr\/index.php\/wp-json\/wp\/v2\/media?parent=4599"}],"curies":[{"name":"wp","href":"https:\/\/api.w.org\/{rel}","templated":true}]}}